{"id":2537,"date":"2023-01-30T11:10:20","date_gmt":"2023-01-30T10:10:20","guid":{"rendered":"https:\/\/www.camping-calypso.com\/alentours\/el-tren-amarillo-de-cerdana\/"},"modified":"2023-03-03T17:00:41","modified_gmt":"2023-03-03T16:00:41","slug":"el-tren-amarillo-de-cerdana","status":"publish","type":"alentours","link":"https:\/\/www.camping-calypso.com\/es\/alentours\/el-tren-amarillo-de-cerdana\/","title":{"rendered":"El tren amarillo de Cerda\u00f1a"},"content":{"rendered":"\n<div class=\"wp-block-columns\">\n<div class=\"wp-block-column\">\n<h2 class=\"h2\" id=\"l-embleme-catalan-des-pyrenees-orientales\">El emblema catal\u00e1n de los Pirineos Orientales<\/h2>\n\n\n\n<p>El tren amarillo de la Cerda\u00f1a -el \u00abCanari\u00bb- que une <strong>Villefranche de Conflent con Latour de<\/strong> Carol, a lo largo de 63 km y 1.200 m de desnivel. En el coraz\u00f3n del <strong>Parque Natural Regional de los Pirineos Catalanes<\/strong>, explore sus impresionantes paisajes para vivir una experiencia \u00fanica. Un magn\u00edfico viaje en carruajes abiertos, para admirar las magn\u00edficas tierras catalanas. Nuestro <a href=\"https:\/\/www.camping-calypso.com\/es\/\" data-type=\"page\" data-id=\"5\">camping familiar de los Pirineos Orientales<\/a> le lleva a descubrir los destinos a los que llega el <strong>tren amarillo de los Pirineos<\/strong>.<\/p>\n<\/div>\n\n\n\n<div class=\"wp-block-column\" style=\"flex-basis:52%\">\n<figure class=\"wp-block-image alignfull size-full\"><img loading=\"lazy\" width=\"2560\" height=\"1842\" src=\"https:\/\/www.camping-calypso.com\/wp-content\/uploads\/2023\/01\/Viaduc_sejourne__train_jaune_fontpedrouse-scaled.jpg\" alt=\"\" class=\"wp-image-1036\" srcset=\"https:\/\/www.camping-calypso.com\/wp-content\/uploads\/2023\/01\/Viaduc_sejourne__train_jaune_fontpedrouse-scaled.jpg 2560w, https:\/\/www.camping-calypso.com\/wp-content\/uploads\/2023\/01\/Viaduc_sejourne__train_jaune_fontpedrouse-300x216.jpg 300w, https:\/\/www.camping-calypso.com\/wp-content\/uploads\/2023\/01\/Viaduc_sejourne__train_jaune_fontpedrouse-1024x737.jpg 1024w, https:\/\/www.camping-calypso.com\/wp-content\/uploads\/2023\/01\/Viaduc_sejourne__train_jaune_fontpedrouse-768x553.jpg 768w, https:\/\/www.camping-calypso.com\/wp-content\/uploads\/2023\/01\/Viaduc_sejourne__train_jaune_fontpedrouse-1536x1105.jpg 1536w, https:\/\/www.camping-calypso.com\/wp-content\/uploads\/2023\/01\/Viaduc_sejourne__train_jaune_fontpedrouse-2048x1474.jpg 2048w\" sizes=\"(max-width: 2560px) 100vw, 2560px\" \/><\/figure>\n<\/div>\n<\/div>\n\n\n\n<div class=\"wp-block-columns alignfull has-bleu-background-color has-background\">\n<div class=\"wp-block-column\" style=\"flex-basis:48%\">\n<figure class=\"wp-block-image alignfull size-full\"><img loading=\"lazy\" width=\"1024\" height=\"1494\" src=\"https:\/\/www.camping-calypso.com\/wp-content\/uploads\/2023\/01\/photo-alentours-train-jaune.jpg\" alt=\"\" class=\"wp-image-612\" srcset=\"https:\/\/www.camping-calypso.com\/wp-content\/uploads\/2023\/01\/photo-alentours-train-jaune.jpg 1024w, https:\/\/www.camping-calypso.com\/wp-content\/uploads\/2023\/01\/photo-alentours-train-jaune-206x300.jpg 206w, https:\/\/www.camping-calypso.com\/wp-content\/uploads\/2023\/01\/photo-alentours-train-jaune-702x1024.jpg 702w, https:\/\/www.camping-calypso.com\/wp-content\/uploads\/2023\/01\/photo-alentours-train-jaune-768x1121.jpg 768w\" sizes=\"(max-width: 1024px) 100vw, 1024px\" \/><\/figure>\n<\/div>\n\n\n\n<div class=\"wp-block-column\">\n<h2 id=\"de-villefranche-de-confluent-a-font-romeu\">De Villefranche de Confluent a Font Romeu<\/h2>\n\n\n\n<p>El tren amarillo presta servicio en no menos de 22 estaciones en direcci\u00f3n a Espa\u00f1a. <strong>Villefranche de Confluent<\/strong> es la principal estaci\u00f3n de salida y una parada obligada para sus visitas a los Pirineos Orientales. Le aconsejamos que venga con antelaci\u00f3n para poder visitar la ciudad, clasificada como una de las m\u00e1s bellas de Francia. Esta ciudad catalana, antigua plaza estrat\u00e9gica de defensa del Rosell\u00f3n, est\u00e1 rodeada de murallas dise\u00f1adas por Vauban. Su llegada a Villefranche marca el inicio de la <strong>regi\u00f3n del Confluent<\/strong>, en el valle del T\u00eat, cuyos paisajes se caracterizan por varios r\u00edos y macizos como el pico del Canigou, que domina desde toda su altura. Por cierto, si viene en coche desde Perpi\u00f1\u00e1n, haga un alto en el camino en las <strong>orgues de l&#8217;\u00eele sur t\u00eat<\/strong> antes de llegar a la estaci\u00f3n. Su arena blanca y sus montones de arcilla conforman el paisaje de una manera impresionante. Una vez con la cabeza llena de descubrimientos, suba al <strong>tren amarillo de los Pirineos<\/strong> en direcci\u00f3n a Font Romeu. Pasar\u00e1 por paisajes y lugares impresionantes, incluido el <strong>puente que se encuentra<\/strong> a 65 m del suelo. Adem\u00e1s de Villefranche, Vauban tambi\u00e9n dise\u00f1\u00f3 impresionantes fortificaciones en<strong> Mont Louis<\/strong>, una estaci\u00f3n antes de su pr\u00f3xima escala.<\/p>\n<\/div>\n<\/div>\n\n\n\n<div class=\"wp-block-columns\">\n<div class=\"wp-block-column\">\n<h2 class=\"h2\" id=\"l-embleme-catalan-des-pyrenees-orientales\">De Font Romeu a Latour de Carol<\/h2>\n\n\n\n<p>Puede optar por continuar su viaje en el tren amarillo o hacer una parada en <strong>Font Romeu<\/strong> a mitad de camino. A 1.800 m de altitud, este peque\u00f1o pueblo, muy conocido por los atletas ol\u00edmpicos, es ante todo una estaci\u00f3n de esqu\u00ed. Pero tambi\u00e9n combina historia y modernidad como el <strong>horno solar de Odeillo<\/strong>, el segundo horno solar m\u00e1s grande del mundo, y su gran hotel. En direcci\u00f3n a Espa\u00f1a y Andorra, el tren prosigue su viaje por la <strong>Cerdanya<\/strong> para llevarle a trav\u00e9s de las distintas mesetas catalanas. Principalmente rural, esta parte del viaje es una fuente de evasi\u00f3n. Hay numerosos paseos de monta\u00f1a en los pueblos de los alrededores. Este aumento de altitud puede ir acompa\u00f1ado de actividades acu\u00e1ticas en los diversos lagos y r\u00edos. Una vez que llegue a <strong>Latour de Carol &#8211; Enveitg<\/strong>, estar\u00e1 lo m\u00e1s cerca posible de la frontera espa\u00f1ola y de la cultura catalana.<\/p>\n\n\n\n<p>La ruta del Canario en los colores de Occitania, es muy buena tanto en invierno como en verano porque la l\u00ednea est\u00e1 abierta todo el a\u00f1o. De Villefranche a Latour de Carol se tardan unas 3 horas. Puede obtener m\u00e1s informaci\u00f3n en el <a href=\"https:\/\/letrainjaune.fr\/\">sitio web del Tren<\/a> Amarillo.<\/p>\n<\/div>\n\n\n\n<div class=\"wp-block-column\" style=\"flex-basis:52%\">\n<figure class=\"wp-block-image alignfull size-full\"><img loading=\"lazy\" width=\"1500\" height=\"1000\" src=\"https:\/\/www.camping-calypso.com\/wp-content\/uploads\/2023\/01\/Trainjaune_03.jpg\" alt=\"\" class=\"wp-image-1040\" srcset=\"https:\/\/www.camping-calypso.com\/wp-content\/uploads\/2023\/01\/Trainjaune_03.jpg 1500w, https:\/\/www.camping-calypso.com\/wp-content\/uploads\/2023\/01\/Trainjaune_03-300x200.jpg 300w, https:\/\/www.camping-calypso.com\/wp-content\/uploads\/2023\/01\/Trainjaune_03-1024x683.jpg 1024w, https:\/\/www.camping-calypso.com\/wp-content\/uploads\/2023\/01\/Trainjaune_03-768x512.jpg 768w\" sizes=\"(max-width: 1500px) 100vw, 1500px\" \/><\/figure>\n<\/div>\n<\/div>\n\n\n\n<section class=\"wp-container-69f72083320b6 wp-block-group alignfull has-blanc-background-color has-background\"><div class=\"wp-block-group__inner-container\">\n<h3 class=\"has-text-align-center\" id=\"comment-aller-a-villefranche-depuis-le-camping-dans-les-pyrenees-orientales\">\u00bfC\u00f3mo llegar a Villefranche desde el camping de los Pirineos Orientales?<\/h3>\n\n\n\n<p class=\"has-text-align-center\">Desde nuestro <strong>camping en los Pirineos Orientales<\/strong>, podr\u00e1 pasar un d\u00eda en familia o con amigos en el parque natural catal\u00e1n. Disfrute de esta visita \u00fanica desde Torreilles en coche o transporte p\u00fablico. Inf\u00f3rmese con antelaci\u00f3n sobre las condiciones de reserva para la compra de billetes de tren. Una vez realizados estos tr\u00e1mites, existen varias formas de llegar a la estaci\u00f3n de Villefranche de Confluent. En coche, tardar\u00e1 1 hora por la carretera principal. Alternativamente, hay l\u00edneas de tren en Perpi\u00f1\u00e1n que le llevar\u00e1n directamente a su destino. De Torreilles a Perpi\u00f1\u00e1n, encontrar\u00e1 l\u00edneas regulares de autob\u00fas.<\/p>\n<\/div><\/section>\n","protected":false},"template":"","meta":[],"acf":[],"yoast_head":"<!-- This site is optimized with the Yoast SEO plugin v18.8 - https:\/\/yoast.com\/wordpress\/plugins\/seo\/ -->\n<title>El tren amarillo de Cerda\u00f1a - Camping Calypso<\/title>\n<meta name=\"robots\" content=\"index, follow, max-snippet:-1, max-image-preview:large, max-video-preview:-1\" \/>\n<link rel=\"canonical\" href=\"https:\/\/www.camping-calypso.com\/es\/alentours\/el-tren-amarillo-de-cerdana\/\" \/>\n<meta property=\"og:locale\" content=\"es_ES\" \/>\n<meta property=\"og:type\" content=\"article\" \/>\n<meta property=\"og:title\" content=\"El tren amarillo de Cerda\u00f1a - Camping Calypso\" \/>\n<meta property=\"og:description\" content=\"El emblema catal\u00e1n de los Pirineos Orientales El tren amarillo de la Cerda\u00f1a -el \u00abCanari\u00bb- que une Villefranche de Conflent con Latour de Carol, a lo largo de 63 km y 1.200 m de desnivel. En el coraz\u00f3n del Parque Natural Regional de los Pirineos Catalanes, explore sus impresionantes paisajes para vivir una experiencia \u00fanica. [&hellip;]\" \/>\n<meta property=\"og:url\" content=\"https:\/\/www.camping-calypso.com\/es\/alentours\/el-tren-amarillo-de-cerdana\/\" \/>\n<meta property=\"og:site_name\" content=\"Camping Calypso\" \/>\n<meta property=\"article:modified_time\" content=\"2023-03-03T16:00:41+00:00\" \/>\n<meta property=\"og:image\" content=\"https:\/\/www.camping-calypso.com\/wp-content\/uploads\/2023\/01\/Viaduc_sejourne__train_jaune_fontpedrouse-scaled.jpg\" \/>\n<meta name=\"twitter:card\" content=\"summary_large_image\" \/>\n<meta name=\"twitter:label1\" content=\"Est. reading time\" \/>\n\t<meta name=\"twitter:data1\" content=\"3 minutos\" \/>\n<script type=\"application\/ld+json\" class=\"yoast-schema-graph\">{\"@context\":\"https:\/\/schema.org\",\"@graph\":[{\"@type\":\"WebSite\",\"@id\":\"https:\/\/www.camping-calypso.com\/#website\",\"url\":\"https:\/\/www.camping-calypso.com\/\",\"name\":\"Camping Calypso\",\"description\":\"Camping 5 \u00e9toiles \u00e0 Toreilles Plage (66)\",\"potentialAction\":[{\"@type\":\"SearchAction\",\"target\":{\"@type\":\"EntryPoint\",\"urlTemplate\":\"https:\/\/www.camping-calypso.com\/?s={search_term_string}\"},\"query-input\":\"required name=search_term_string\"}],\"inLanguage\":\"es\"},{\"@type\":\"ImageObject\",\"inLanguage\":\"es\",\"@id\":\"https:\/\/www.camping-calypso.com\/es\/alentours\/el-tren-amarillo-de-cerdana\/#primaryimage\",\"url\":\"https:\/\/www.camping-calypso.com\/wp-content\/uploads\/2023\/01\/Viaduc_sejourne__train_jaune_fontpedrouse-scaled.jpg\",\"contentUrl\":\"https:\/\/www.camping-calypso.com\/wp-content\/uploads\/2023\/01\/Viaduc_sejourne__train_jaune_fontpedrouse-scaled.jpg\",\"width\":2560,\"height\":1842},{\"@type\":\"WebPage\",\"@id\":\"https:\/\/www.camping-calypso.com\/es\/alentours\/el-tren-amarillo-de-cerdana\/#webpage\",\"url\":\"https:\/\/www.camping-calypso.com\/es\/alentours\/el-tren-amarillo-de-cerdana\/\",\"name\":\"El tren amarillo de Cerda\u00f1a - Camping Calypso\",\"isPartOf\":{\"@id\":\"https:\/\/www.camping-calypso.com\/#website\"},\"primaryImageOfPage\":{\"@id\":\"https:\/\/www.camping-calypso.com\/es\/alentours\/el-tren-amarillo-de-cerdana\/#primaryimage\"},\"datePublished\":\"2023-01-30T10:10:20+00:00\",\"dateModified\":\"2023-03-03T16:00:41+00:00\",\"breadcrumb\":{\"@id\":\"https:\/\/www.camping-calypso.com\/es\/alentours\/el-tren-amarillo-de-cerdana\/#breadcrumb\"},\"inLanguage\":\"es\",\"potentialAction\":[{\"@type\":\"ReadAction\",\"target\":[\"https:\/\/www.camping-calypso.com\/es\/alentours\/el-tren-amarillo-de-cerdana\/\"]}]},{\"@type\":\"BreadcrumbList\",\"@id\":\"https:\/\/www.camping-calypso.com\/es\/alentours\/el-tren-amarillo-de-cerdana\/#breadcrumb\",\"itemListElement\":[{\"@type\":\"ListItem\",\"position\":1,\"name\":\"Camping Torreilles\",\"item\":\"https:\/\/www.camping-calypso.com\/es\/\"},{\"@type\":\"ListItem\",\"position\":2,\"name\":\"El tren amarillo de Cerda\u00f1a\"}]}]}<\/script>\n<!-- \/ Yoast SEO plugin. -->","yoast_head_json":{"title":"El tren amarillo de Cerda\u00f1a - Camping Calypso","robots":{"index":"index","follow":"follow","max-snippet":"max-snippet:-1","max-image-preview":"max-image-preview:large","max-video-preview":"max-video-preview:-1"},"canonical":"https:\/\/www.camping-calypso.com\/es\/alentours\/el-tren-amarillo-de-cerdana\/","og_locale":"es_ES","og_type":"article","og_title":"El tren amarillo de Cerda\u00f1a - Camping Calypso","og_description":"El emblema catal\u00e1n de los Pirineos Orientales El tren amarillo de la Cerda\u00f1a -el \u00abCanari\u00bb- que une Villefranche de Conflent con Latour de Carol, a lo largo de 63 km y 1.200 m de desnivel. En el coraz\u00f3n del Parque Natural Regional de los Pirineos Catalanes, explore sus impresionantes paisajes para vivir una experiencia \u00fanica. [&hellip;]","og_url":"https:\/\/www.camping-calypso.com\/es\/alentours\/el-tren-amarillo-de-cerdana\/","og_site_name":"Camping Calypso","article_modified_time":"2023-03-03T16:00:41+00:00","og_image":[{"url":"https:\/\/www.camping-calypso.com\/wp-content\/uploads\/2023\/01\/Viaduc_sejourne__train_jaune_fontpedrouse-scaled.jpg"}],"twitter_card":"summary_large_image","twitter_misc":{"Est. reading time":"3 minutos"},"schema":{"@context":"https:\/\/schema.org","@graph":[{"@type":"WebSite","@id":"https:\/\/www.camping-calypso.com\/#website","url":"https:\/\/www.camping-calypso.com\/","name":"Camping Calypso","description":"Camping 5 \u00e9toiles \u00e0 Toreilles Plage (66)","potentialAction":[{"@type":"SearchAction","target":{"@type":"EntryPoint","urlTemplate":"https:\/\/www.camping-calypso.com\/?s={search_term_string}"},"query-input":"required name=search_term_string"}],"inLanguage":"es"},{"@type":"ImageObject","inLanguage":"es","@id":"https:\/\/www.camping-calypso.com\/es\/alentours\/el-tren-amarillo-de-cerdana\/#primaryimage","url":"https:\/\/www.camping-calypso.com\/wp-content\/uploads\/2023\/01\/Viaduc_sejourne__train_jaune_fontpedrouse-scaled.jpg","contentUrl":"https:\/\/www.camping-calypso.com\/wp-content\/uploads\/2023\/01\/Viaduc_sejourne__train_jaune_fontpedrouse-scaled.jpg","width":2560,"height":1842},{"@type":"WebPage","@id":"https:\/\/www.camping-calypso.com\/es\/alentours\/el-tren-amarillo-de-cerdana\/#webpage","url":"https:\/\/www.camping-calypso.com\/es\/alentours\/el-tren-amarillo-de-cerdana\/","name":"El tren amarillo de Cerda\u00f1a - Camping Calypso","isPartOf":{"@id":"https:\/\/www.camping-calypso.com\/#website"},"primaryImageOfPage":{"@id":"https:\/\/www.camping-calypso.com\/es\/alentours\/el-tren-amarillo-de-cerdana\/#primaryimage"},"datePublished":"2023-01-30T10:10:20+00:00","dateModified":"2023-03-03T16:00:41+00:00","breadcrumb":{"@id":"https:\/\/www.camping-calypso.com\/es\/alentours\/el-tren-amarillo-de-cerdana\/#breadcrumb"},"inLanguage":"es","potentialAction":[{"@type":"ReadAction","target":["https:\/\/www.camping-calypso.com\/es\/alentours\/el-tren-amarillo-de-cerdana\/"]}]},{"@type":"BreadcrumbList","@id":"https:\/\/www.camping-calypso.com\/es\/alentours\/el-tren-amarillo-de-cerdana\/#breadcrumb","itemListElement":[{"@type":"ListItem","position":1,"name":"Camping Torreilles","item":"https:\/\/www.camping-calypso.com\/es\/"},{"@type":"ListItem","position":2,"name":"El tren amarillo de Cerda\u00f1a"}]}]}},"_links":{"self":[{"href":"https:\/\/www.camping-calypso.com\/es\/wp-json\/wp\/v2\/alentours\/2537"}],"collection":[{"href":"https:\/\/www.camping-calypso.com\/es\/wp-json\/wp\/v2\/alentours"}],"about":[{"href":"https:\/\/www.camping-calypso.com\/es\/wp-json\/wp\/v2\/types\/alentours"}],"wp:attachment":[{"href":"https:\/\/www.camping-calypso.com\/es\/wp-json\/wp\/v2\/media?parent=2537"}],"curies":[{"name":"wp","href":"https:\/\/api.w.org\/{rel}","templated":true}]}}